{"id":669,"date":"2019-05-31T12:22:19","date_gmt":"2019-05-31T12:22:19","guid":{"rendered":"https:\/\/oposicionesgeografiaehistoria.es\/preparador-madrid\/?page_id=669"},"modified":"2022-07-28T11:05:59","modified_gmt":"2022-07-28T11:05:59","slug":"preguntas-frecuentes","status":"publish","type":"page","link":"https:\/\/oposicionesgeografiaehistoria.es\/preparador-madrid\/preguntas-frecuentes\/","title":{"rendered":"Preguntas Frecuentes"},"content":{"rendered":"\t\t<div data-elementor-type=\"wp-post\" data-elementor-id=\"669\" class=\"elementor elementor-669\">\n\t\t\t\t\t\t<section class=\"elementor-section elementor-top-section elementor-element elementor-element-f8d72f2 elementor-section-boxed elementor-section-height-default elementor-section-height-default\" data-id=\"f8d72f2\" data-element_type=\"section\">\n\t\t\t\t\t\t<div class=\"elementor-container elementor-column-gap-default\">\n\t\t\t\t\t<div class=\"elementor-column elementor-col-100 elementor-top-column elementor-element elementor-element-3f83283\" data-id=\"3f83283\" data-element_type=\"column\">\n\t\t\t<div class=\"elementor-widget-wrap elementor-element-populated\">\n\t\t\t\t\t\t<div class=\"elementor-element elementor-element-6ca9ba03 elementor-widget elementor-widget-toggle\" data-id=\"6ca9ba03\" data-element_type=\"widget\" data-widget_type=\"toggle.default\">\n\t\t\t\t<div class=\"elementor-widget-container\">\n\t\t\t\t\t\t\t<div class=\"elementor-toggle\">\n\t\t\t\t\t\t\t<div class=\"elementor-toggle-item\">\n\t\t\t\t\t<div id=\"elementor-tab-title-1821\" class=\"elementor-tab-title\" data-tab=\"1\" role=\"button\" aria-controls=\"elementor-tab-content-1821\" aria-expanded=\"false\">\n\t\t\t\t\t\t\t\t\t\t\t\t<span class=\"elementor-toggle-icon elementor-toggle-icon-left\" aria-hidden=\"true\">\n\t\t\t\t\t\t\t\t\t\t\t\t\t\t\t<span class=\"elementor-toggle-icon-closed\"><i class=\"fas fa-caret-right\"><\/i><\/span>\n\t\t\t\t\t\t\t\t<span class=\"elementor-toggle-icon-opened\"><i class=\"elementor-toggle-icon-opened fas fa-caret-up\"><\/i><\/span>\n\t\t\t\t\t\t\t\t\t\t\t\t\t<\/span>\n\t\t\t\t\t\t\t\t\t\t\t\t<a class=\"elementor-toggle-title\" tabindex=\"0\">\u00bfHan salido nuevas v\u00edas de acceso a la docencia al margen del tradicional concurso-oposici\u00f3n?<\/a>\n\t\t\t\t\t<\/div>\n\n\t\t\t\t\t<div id=\"elementor-tab-content-1821\" class=\"elementor-tab-content elementor-clearfix\" data-tab=\"1\" role=\"region\" aria-labelledby=\"elementor-tab-title-1821\"><p>Si. En 2022 se aprob\u00f3 un nuevo RD 270\/2022, donde se establecen <b>3 v\u00edas de acceso a la docencia p\u00fablica<\/b>, para reducir la tasa de interinidad. Cada una est\u00e1 reservada para determinados tipos de plazas. Para ello el RD establece adem\u00e1s del sistema tradicional (v\u00eda 1), dos nuevos procesos extraordinarios, <b>v\u00e1lidos hasta 2024 <\/b>(v\u00edas 2 y 3). Importante saber que <b>todos los opositores pueden presentarse por estas tres v\u00edas<\/b>, que os paso a detallar:<\/p><ul><li><b>V\u00eda 1:<\/b> <b>Proceso tradicional (oposici\u00f3n+concurso).<\/b><\/li><\/ul><p>Es el que siempre se ha realizado, en base al Real Decreto 276\/2007, de 23 de febrero. <b>Este proceso est\u00e1 vinculado a las plazas de reposici\u00f3n y nueva creaci\u00f3n<\/b>. Consta de dos fases (concurso y oposici\u00f3n). La <b>fase de oposici\u00f3n (66% de la nota total)<\/b>\u00a0cuenta as\u00ed mismo con una parte A de conocimientos (un tema de 4 a elegir, y comentarios pr\u00e1cticos); y una parte B de did\u00e1ctica (defensa de programaci\u00f3n y exposici\u00f3n de unidad did\u00e1ctica). <b>Esta fase es eliminatoria, y hay que aprobar cada parte A y B por separado<\/b>, para pasar a la <b>fase de concurso (33% de la nota total)<\/b>, donde se valoran los m\u00e9ritos (experiencia previa con un m\u00e1ximo de 5 puntos, formaci\u00f3n acad\u00e9mica con un m\u00e1ximo de 5 puntos, y otros m\u00e9ritos con un m\u00e1ximo de 2 puntos).<\/p><ul><li><strong>V\u00eda 2:\u00a0Proceso extraordinario (oposici\u00f3n+concurso).<\/strong><\/li><\/ul><p>En base al nuevo Real Decreto 270\/2022, de 12 de abril. Este proceso est\u00e1 vinculado a las <b>plazas de estabilizaci\u00f3n de corta duraci\u00f3n<\/b>, esto es, aquellas ocupadas de forma ininterrumpida por interinos desde el 1 de enero de 2016.\u00a0<span style=\"color: var( --e-global-color-text ); font-family: var( --e-global-typography-text-font-family ), Sans-serif; font-weight: var( --e-global-typography-text-font-weight ); background-color: var(--ignition-body-background-color); letter-spacing: 0em;\">Consta de dos fases (concurso y oposici\u00f3n). La<\/span><span style=\"color: var( --e-global-color-text ); font-family: var( --e-global-typography-text-font-family ), Sans-serif; font-weight: var( --e-global-typography-text-font-weight ); background-color: var(--ignition-body-background-color); letter-spacing: 0em;\">\u00a0<\/span><span style=\"color: var( --e-global-color-text ); font-family: var( --e-global-typography-text-font-family ), Sans-serif; background-color: var(--ignition-body-background-color); letter-spacing: 0em; font-weight: bold;\">fase de oposici\u00f3n (60% de la nota total)<\/span><span style=\"color: var( --e-global-color-text ); font-family: var( --e-global-typography-text-font-family ), Sans-serif; font-weight: var( --e-global-typography-text-font-weight ); background-color: var(--ignition-body-background-color); letter-spacing: 0em;\">\u00a0cuenta as\u00ed mismo con una parte A de conocimientos (un tema de 5 a elegir); y una parte B de did\u00e1ctica (exposici\u00f3n de unidad did\u00e1ctica).<\/span><span style=\"color: var( --e-global-color-text ); font-family: var( --e-global-typography-text-font-family ), Sans-serif; font-weight: var( --e-global-typography-text-font-weight ); background-color: var(--ignition-body-background-color); letter-spacing: 0em;\">\u00a0<\/span><span style=\"color: var( --e-global-color-text ); font-family: var( --e-global-typography-text-font-family ), Sans-serif; background-color: var(--ignition-body-background-color); letter-spacing: 0em;\"><b>Aunque e<\/b><\/span><span style=\"color: var( --e-global-color-text ); font-family: var( --e-global-typography-text-font-family ), Sans-serif; background-color: var(--ignition-body-background-color); letter-spacing: 0em; font-weight: bold;\">sta fase es eliminatoria<\/span><span style=\"color: var( --e-global-color-text ); font-family: var( --e-global-typography-text-font-family ), Sans-serif; background-color: var(--ignition-body-background-color); letter-spacing: 0em;\"><b>, no hay que aprobar cada parte A y B por separado<\/b><\/span><span style=\"color: var( --e-global-color-text ); font-family: var( --e-global-typography-text-font-family ), Sans-serif; font-weight: var( --e-global-typography-text-font-weight ); background-color: var(--ignition-body-background-color); letter-spacing: 0em;\">, aunque s\u00ed hay que sacar un m\u00ednimo de un 5 entre las dos partes, para pasar a la<\/span><span style=\"color: var( --e-global-color-text ); font-family: var( --e-global-typography-text-font-family ), Sans-serif; font-weight: var( --e-global-typography-text-font-weight ); background-color: var(--ignition-body-background-color); letter-spacing: 0em;\">\u00a0<\/span><span style=\"color: var( --e-global-color-text ); font-family: var( --e-global-typography-text-font-family ), Sans-serif; background-color: var(--ignition-body-background-color); letter-spacing: 0em; font-weight: bold;\">fase de concurso (40% de la nota total)<\/span><span style=\"color: var( --e-global-color-text ); font-family: var( --e-global-typography-text-font-family ), Sans-serif; font-weight: var( --e-global-typography-text-font-weight ); background-color: var(--ignition-body-background-color); letter-spacing: 0em;\">, donde se valoran los m\u00e9ritos (experiencia previa con un m\u00e1ximo de 7 puntos, formaci\u00f3n acad\u00e9mica con un m\u00e1ximo de 2 puntos, y otros m\u00e9ritos con un m\u00e1ximo de 1 punto).<\/span><\/p><ul><li><span style=\"font-weight: var(--ignition-font-weight-bold);\">V\u00eda 3:\u00a0Proceso extraordinario (concurso).<\/span><\/li><\/ul><p>En base al nuevo Real Decreto 270\/2022, de 12 de abril. Este proceso est\u00e1 vinculado a las\u00a0<span style=\"font-weight: bold;\">plazas de estabilizaci\u00f3n de larga duraci\u00f3n<\/span>, esto es, aquellas ocupadas de forma ininterrumpida por interinos desde antes del 1 de enero de 2016.\u00a0<span style=\"color: var( --e-global-color-text ); font-family: var( --e-global-typography-text-font-family ), Sans-serif; font-weight: var( --e-global-typography-text-font-weight ); background-color: var(--ignition-body-background-color); letter-spacing: 0em;\">Consta de <\/span><span style=\"color: var( --e-global-color-text ); font-family: var( --e-global-typography-text-font-family ), Sans-serif; background-color: var(--ignition-body-background-color); letter-spacing: 0em;\"><b>una fase de concurso<\/b><\/span><span style=\"color: var( --e-global-color-text ); font-family: var( --e-global-typography-text-font-family ), Sans-serif; font-weight: var( --e-global-typography-text-font-weight ); background-color: var(--ignition-body-background-color); letter-spacing: 0em;\">, donde se valoran los m\u00e9ritos (experiencia previa con un m\u00e1ximo de 7 puntos, formaci\u00f3n acad\u00e9mica con un m\u00e1ximo de 3 puntos, y otros m\u00e9ritos con un m\u00e1ximo de 5 puntos).<\/span><\/p><p><span style=\"color: var( --e-global-color-text ); font-family: var( --e-global-typography-text-font-family ), Sans-serif; font-weight: var( --e-global-typography-text-font-weight ); background-color: var(--ignition-body-background-color); letter-spacing: 0em;\">\u00a0<\/span><\/p><p>Os adjunto un\u00a0<a href=\"https:\/\/www.stec.es\/WEB%202022\/PROCESOS%20DE%20ESTABILIZACION\/ESQUEMA_ESTABILIZACION_STEC-IC_OK_V2.pdf\" target=\"_blank\" rel=\"noopener\">link<\/a>\u00a0con un esquema de estas tres v\u00edas de acceso. Como ya os he comentado, ser\u00e1n las Comunidades Aut\u00f3nomas las que establecen el n\u00famero de plazas y el calendario de los diferentes procesos. <b>Por ahora, en la Comunidad de Madrid se ha establecido \u00fanicamente la convocatoria de la v\u00eda 1 del proceso tradicional de concurso y oposici\u00f3n<\/b> (adjunto el\u00a0<a href=\"https:\/\/www.bocm.es\/boletin\/CM_Orden_BOCM\/2022\/02\/08\/BOCM-20220208-5.PDF\" target=\"_blank\" rel=\"noopener\">link<\/a>), donde se han convocado para la materia de Geograf\u00eda e Historia hasta la fecha, un n\u00famero total de <b>256 plazas de reposici\u00f3n y nueva creaci\u00f3n<\/b>.<\/p><\/div>\n\t\t\t\t<\/div>\n\t\t\t\t\t\t\t<div class=\"elementor-toggle-item\">\n\t\t\t\t\t<div id=\"elementor-tab-title-1822\" class=\"elementor-tab-title\" data-tab=\"2\" role=\"button\" aria-controls=\"elementor-tab-content-1822\" aria-expanded=\"false\">\n\t\t\t\t\t\t\t\t\t\t\t\t<span class=\"elementor-toggle-icon elementor-toggle-icon-left\" aria-hidden=\"true\">\n\t\t\t\t\t\t\t\t\t\t\t\t\t\t\t<span class=\"elementor-toggle-icon-closed\"><i class=\"fas fa-caret-right\"><\/i><\/span>\n\t\t\t\t\t\t\t\t<span class=\"elementor-toggle-icon-opened\"><i class=\"elementor-toggle-icon-opened fas fa-caret-up\"><\/i><\/span>\n\t\t\t\t\t\t\t\t\t\t\t\t\t<\/span>\n\t\t\t\t\t\t\t\t\t\t\t\t<a class=\"elementor-toggle-title\" tabindex=\"0\">\u00bfMe puedo presentar por una especialidad diferente de la m\u00eda?<\/a>\n\t\t\t\t\t<\/div>\n\n\t\t\t\t\t<div id=\"elementor-tab-content-1822\" class=\"elementor-tab-content elementor-clearfix\" data-tab=\"2\" role=\"region\" aria-labelledby=\"elementor-tab-title-1822\"><p>Si. En las convocatorias para el Cuerpo de Profesores de Ense\u00f1anza Secundaria, se establece como requisitos espec\u00edficos los dos siguientes:<\/p><ol><li>Estar en posesi\u00f3n del t\u00edtulo de Doctor, Licenciado, Ingeniero, Arquitecto o el t\u00edtulo de Grado correspondiente u otros t\u00edtulos equivalentes a efectos de docencia, detallados para cada especialidad en el Anexo V del Real Decreto 276\/2007, de 23 de febrero.<\/li><li>Estar en posesi\u00f3n de la formaci\u00f3n pedag\u00f3gica y did\u00e1ctica a la que se refiere el art\u00edculo 100.2 de la Ley Org\u00e1nica 2\/2006, de 3 de mayo, de Educaci\u00f3n, regulada en el Real Decreto 1834\/2008, de 8 de noviembre.<\/li><\/ol><\/div>\n\t\t\t\t<\/div>\n\t\t\t\t\t\t\t<div class=\"elementor-toggle-item\">\n\t\t\t\t\t<div id=\"elementor-tab-title-1823\" class=\"elementor-tab-title\" data-tab=\"3\" role=\"button\" aria-controls=\"elementor-tab-content-1823\" aria-expanded=\"false\">\n\t\t\t\t\t\t\t\t\t\t\t\t<span class=\"elementor-toggle-icon elementor-toggle-icon-left\" aria-hidden=\"true\">\n\t\t\t\t\t\t\t\t\t\t\t\t\t\t\t<span class=\"elementor-toggle-icon-closed\"><i class=\"fas fa-caret-right\"><\/i><\/span>\n\t\t\t\t\t\t\t\t<span class=\"elementor-toggle-icon-opened\"><i class=\"elementor-toggle-icon-opened fas fa-caret-up\"><\/i><\/span>\n\t\t\t\t\t\t\t\t\t\t\t\t\t<\/span>\n\t\t\t\t\t\t\t\t\t\t\t\t<a class=\"elementor-toggle-title\" tabindex=\"0\">\u00bfEs necesario aprobar para entrar en la lista de interinos?<\/a>\n\t\t\t\t\t<\/div>\n\n\t\t\t\t\t<div id=\"elementor-tab-content-1823\" class=\"elementor-tab-content elementor-clearfix\" data-tab=\"3\" role=\"region\" aria-labelledby=\"elementor-tab-title-1823\"><p>No. S\u00f3lo con la participaci\u00f3n en el procedimiento selectivo (oposiciones) que se convoque para el ingreso en el Cuerpo por la especialidad, se forma parte de la lista de aspirantes a desempe\u00f1ar puestos docentes en r\u00e9gimen de interinidad, siempre que se haya marcado la casilla 5C en el impreso de solicitud.<\/p><p>El orden en la lista estar\u00e1 en funci\u00f3n de la puntuaci\u00f3n obtenida en el proceso selectivo, as\u00ed como de la experiencia docente. En este\u00a0<a href=\"https:\/\/oposicionesgeografiaehistoria.es\/preparador-madrid\/wp-content\/uploads\/2021\/08\/baremo-bolsa-de-interinos.pdf\" target=\"_blank\" rel=\"noopener\">link<\/a>\u00a0tienes el sistema de baremaci\u00f3n para la Comunidad de Madrid.<\/p><\/div>\n\t\t\t\t<\/div>\n\t\t\t\t\t\t\t<div class=\"elementor-toggle-item\">\n\t\t\t\t\t<div id=\"elementor-tab-title-1824\" class=\"elementor-tab-title\" data-tab=\"4\" role=\"button\" aria-controls=\"elementor-tab-content-1824\" aria-expanded=\"false\">\n\t\t\t\t\t\t\t\t\t\t\t\t<span class=\"elementor-toggle-icon elementor-toggle-icon-left\" aria-hidden=\"true\">\n\t\t\t\t\t\t\t\t\t\t\t\t\t\t\t<span class=\"elementor-toggle-icon-closed\"><i class=\"fas fa-caret-right\"><\/i><\/span>\n\t\t\t\t\t\t\t\t<span class=\"elementor-toggle-icon-opened\"><i class=\"elementor-toggle-icon-opened fas fa-caret-up\"><\/i><\/span>\n\t\t\t\t\t\t\t\t\t\t\t\t\t<\/span>\n\t\t\t\t\t\t\t\t\t\t\t\t<a class=\"elementor-toggle-title\" tabindex=\"0\">Si me presento por una especialidad diferente a la m\u00eda y NO supero la fase de oposici\u00f3n, \u00bfPuedo entrar en la lista de interinos?<\/a>\n\t\t\t\t\t<\/div>\n\n\t\t\t\t\t<div id=\"elementor-tab-content-1824\" class=\"elementor-tab-content elementor-clearfix\" data-tab=\"4\" role=\"region\" aria-labelledby=\"elementor-tab-title-1824\"><p>No. En base a la Resoluci\u00f3n de 11 de abril de 2018, los aspirantes a desempe\u00f1ar puestos docentes en r\u00e9gimen de interinidad, deben de cumplir uno de los siguientes requisitos:<\/p><ul><li>Poseer la titulaci\u00f3n que acredite la cualificaci\u00f3n para impartir la especialidad especificada en el\u00a0<a href=\"https:\/\/oposicionesgeografiaehistoria.es\/preparador-madrid\/wp-content\/uploads\/2021\/08\/carreras-afines.pdf\" target=\"_blank\" rel=\"noopener\">Anexo I de la resoluci\u00f3n<\/a><\/li><\/ul><p>Para Geograf\u00eda e Historia son los siguientes:\u00a0<span style=\"color: var( --e-global-color-text ); font-family: var( --e-global-typography-text-font-family ), Sans-serif; font-weight: var( --e-global-typography-text-font-weight );\">Licenciado en Filosof\u00eda y Letras, Geograf\u00eda, Geograf\u00eda e Historia, Historia, Historia del Arte, Humanidades, o el t\u00edtulo de Grado de las mismas titulaciones o de Arqueolog\u00eda. En caso de tener otra titulaci\u00f3n universitaria, el aspirante deber\u00e1 haber cursado un ciclo de los estudios anteriormente enumerados.<\/span><\/p><ul><li>Aspirantes que hayan superado la fase de oposici\u00f3n de la misma especialidad y cuerpo en alguno de los procedimientos selectivos convocados en los \u00faltimos diez a\u00f1os o cinco \u00faltimas convocatorias en la Comunidad de Madrid.<\/li><li>Aspirantes que acrediten una experiencia docente de al menos cinco meses y medio en dos cursos acad\u00e9micos o, en su defecto, doce meses en per\u00edodos continuos o discontinuos, como funcionario en el mismo cuerpo y especialidad a la que se opte.<\/li><\/ul><p>Por tanto, tendr\u00e1s que superar la fase de oposici\u00f3n para optar a la lista de interinos, esto es, deber\u00e1s alcanzar al menos 5 puntos.<\/p><\/div>\n\t\t\t\t<\/div>\n\t\t\t\t\t\t\t<div class=\"elementor-toggle-item\">\n\t\t\t\t\t<div id=\"elementor-tab-title-1825\" class=\"elementor-tab-title\" data-tab=\"5\" role=\"button\" aria-controls=\"elementor-tab-content-1825\" aria-expanded=\"false\">\n\t\t\t\t\t\t\t\t\t\t\t\t<span class=\"elementor-toggle-icon elementor-toggle-icon-left\" aria-hidden=\"true\">\n\t\t\t\t\t\t\t\t\t\t\t\t\t\t\t<span class=\"elementor-toggle-icon-closed\"><i class=\"fas fa-caret-right\"><\/i><\/span>\n\t\t\t\t\t\t\t\t<span class=\"elementor-toggle-icon-opened\"><i class=\"elementor-toggle-icon-opened fas fa-caret-up\"><\/i><\/span>\n\t\t\t\t\t\t\t\t\t\t\t\t\t<\/span>\n\t\t\t\t\t\t\t\t\t\t\t\t<a class=\"elementor-toggle-title\" tabindex=\"0\">\u00bfC\u00f3mo se valoran los m\u00e9ritos?<\/a>\n\t\t\t\t\t<\/div>\n\n\t\t\t\t\t<div id=\"elementor-tab-content-1825\" class=\"elementor-tab-content elementor-clearfix\" data-tab=\"5\" role=\"region\" aria-labelledby=\"elementor-tab-title-1825\"><p>Seg\u00fan se establece en la Resoluci\u00f3n de 2 de febrero de 2022, en la Comunidad de Madrid los m\u00e9ritos se valorar\u00e1n con un m\u00e1ximo de 10 puntos de la siguiente manera:<\/p>\n<ul>\n<li><b>Experiencia docente previa<\/b>, con un m\u00e1ximo de 5 a\u00f1os. Cada a\u00f1o en un centro p\u00fablico es 1 punto, por lo que la m\u00e1xima puntuaci\u00f3n que puede obtenerse son <b>5 puntos<\/b><\/li>\n<li><b>Formaci\u00f3n acad\u00e9mica<\/b>, con 1 o 1,5 puntos seg\u00fan el expediente acad\u00e9mico. Posgrado, doctorado y premios extraordinarios (desde 0,5 a 1 punto). Otras titulaciones de car\u00e1cter oficial, tanto de primer como de segundo ciclo (1 punto). Otras titulaciones de ense\u00f1anza de r\u00e9gimen especial y de Formaci\u00f3n Profesional Espec\u00edfica (de 0,2 a 0,5 puntos). En este apartado el <b>m\u00e1ximo son 5 puntos<\/b>.<\/li>\n<li><b>Cursos, seminarios, jornadas, grupos de trabajo y proyectos de formaci\u00f3n<\/b> en centros, superados, convocados por Administraciones Educativas o Universidades o Instituciones que tengan firmados convenios de colaboraci\u00f3n con Administraciones Educativas o Universidades (0,05 puntos por cada cr\u00e9dito de 10 horas). En caso de participar como director, coordinador, ponente o profesor (0,07 puntos por cada cr\u00e9dito de 10 horas). Nivel C1 o superior en idiomas extranjeros (0,5 puntos), o nivel B2 (0,25 puntos). Premio extraordinario fin de carrera (1 punto). En este apartado el <b>m\u00e1ximo son 2 puntos<\/b>.<\/li>\n<\/ul><div>Os adjunto un&nbsp;<a href=\"https:\/\/oposicionesgeografiaehistoria.es\/preparador-madrid\/wp-content\/uploads\/2022\/07\/Anexo-V_baremo-meritos.pdf\" target=\"_blank\">link<\/a>&nbsp;con el baremo establecido por la Comunidad de Madrid para la convocatoria 2022-2023<\/div><\/div>\n\t\t\t\t<\/div>\n\t\t\t\t\t\t\t<div class=\"elementor-toggle-item\">\n\t\t\t\t\t<div id=\"elementor-tab-title-1826\" class=\"elementor-tab-title\" data-tab=\"6\" role=\"button\" aria-controls=\"elementor-tab-content-1826\" aria-expanded=\"false\">\n\t\t\t\t\t\t\t\t\t\t\t\t<span class=\"elementor-toggle-icon elementor-toggle-icon-left\" aria-hidden=\"true\">\n\t\t\t\t\t\t\t\t\t\t\t\t\t\t\t<span class=\"elementor-toggle-icon-closed\"><i class=\"fas fa-caret-right\"><\/i><\/span>\n\t\t\t\t\t\t\t\t<span class=\"elementor-toggle-icon-opened\"><i class=\"elementor-toggle-icon-opened fas fa-caret-up\"><\/i><\/span>\n\t\t\t\t\t\t\t\t\t\t\t\t\t<\/span>\n\t\t\t\t\t\t\t\t\t\t\t\t<a class=\"elementor-toggle-title\" tabindex=\"0\">\u00bfCu\u00e1ntos cursos homologados necesito para alcanzar la m\u00e1xima puntuaci\u00f3n en la fase de concurso?<\/a>\n\t\t\t\t\t<\/div>\n\n\t\t\t\t\t<div id=\"elementor-tab-content-1826\" class=\"elementor-tab-content elementor-clearfix\" data-tab=\"6\" role=\"region\" aria-labelledby=\"elementor-tab-title-1826\"><p>Tal como hemos descrito, en la anterior pregunta, en caso de no disponer de un nivel C1 o B2 en idiomas extranjeros, ni de un premio extraordinario fin de carrera, podemos hacer cursos homologados, por un total de 40 cr\u00e9ditos tradicionales o 4 cr\u00e9ditos ECTS que equivalgan a 400 horas. Existen cursos presenciales y online.<\/p><\/div>\n\t\t\t\t<\/div>\n\t\t\t\t\t\t\t\t<\/div>\n\t\t\t\t\t\t<\/div>\n\t\t\t\t<\/div>\n\t\t\t\t\t<\/div>\n\t\t<\/div>\n\t\t\t\t\t<\/div>\n\t\t<\/section>\n\t\t\t\t<section class=\"elementor-section elementor-top-section elementor-element elementor-element-74c2ec9 elementor-section-boxed elementor-section-height-default elementor-section-height-default\" data-id=\"74c2ec9\" data-element_type=\"section\">\n\t\t\t\t\t\t<div class=\"elementor-container elementor-column-gap-default\">\n\t\t\t\t\t<div class=\"elementor-column elementor-col-100 elementor-top-column elementor-element elementor-element-135a8f1\" data-id=\"135a8f1\" data-element_type=\"column\">\n\t\t\t<div class=\"elementor-widget-wrap elementor-element-populated\">\n\t\t\t\t\t\t<div class=\"elementor-element elementor-element-fa35f51 elementor-widget elementor-widget-image\" data-id=\"fa35f51\" data-element_type=\"widget\" data-widget_type=\"image.default\">\n\t\t\t\t<div class=\"elementor-widget-container\">\n\t\t\t\t\t\t\t\t\t\t\t\t\t\t\t<img fetchpriority=\"high\" decoding=\"async\" width=\"500\" height=\"375\" src=\"https:\/\/oposicionesgeografiaehistoria.es\/preparador-madrid\/wp-content\/uploads\/2019\/06\/preguntas-frecuentes.jpg\" class=\"attachment-large size-large wp-image-1418\" alt=\"\" \/>\t\t\t\t\t\t\t\t\t\t\t\t\t\t\t<\/div>\n\t\t\t\t<\/div>\n\t\t\t\t\t<\/div>\n\t\t<\/div>\n\t\t\t\t\t<\/div>\n\t\t<\/section>\n\t\t\t\t<\/div>\n\t\t","protected":false},"excerpt":{"rendered":"<p>\u00bfHan salido nuevas v\u00edas de acceso a la docencia al margen del tradicional concurso-oposici\u00f3n? Si. En 2022 se aprob\u00f3 un nuevo RD 270\/2022, donde se establecen 3 v\u00edas de acceso a la docencia p\u00fablica, para [&hellip;]<\/p>\n","protected":false},"author":1,"featured_media":0,"parent":0,"menu_order":0,"comment_status":"closed","ping_status":"closed","template":"","meta":{"_bbp_topic_count":0,"_bbp_reply_count":0,"_bbp_total_topic_count":0,"_bbp_total_reply_count":0,"_bbp_voice_count":0,"_bbp_anonymous_reply_count":0,"_bbp_topic_count_hidden":0,"_bbp_reply_count_hidden":0,"_bbp_forum_subforum_count":0,"footnotes":""},"class_list":["post-669","page","type-page","status-publish","hentry"],"_links":{"self":[{"href":"https:\/\/oposicionesgeografiaehistoria.es\/preparador-madrid\/wp-json\/wp\/v2\/pages\/669","targetHints":{"allow":["GET"]}}],"collection":[{"href":"https:\/\/oposicionesgeografiaehistoria.es\/preparador-madrid\/wp-json\/wp\/v2\/pages"}],"about":[{"href":"https:\/\/oposicionesgeografiaehistoria.es\/preparador-madrid\/wp-json\/wp\/v2\/types\/page"}],"author":[{"embeddable":true,"href":"https:\/\/oposicionesgeografiaehistoria.es\/preparador-madrid\/wp-json\/wp\/v2\/users\/1"}],"replies":[{"embeddable":true,"href":"https:\/\/oposicionesgeografiaehistoria.es\/preparador-madrid\/wp-json\/wp\/v2\/comments?post=669"}],"version-history":[{"count":0,"href":"https:\/\/oposicionesgeografiaehistoria.es\/preparador-madrid\/wp-json\/wp\/v2\/pages\/669\/revisions"}],"wp:attachment":[{"href":"https:\/\/oposicionesgeografiaehistoria.es\/preparador-madrid\/wp-json\/wp\/v2\/media?parent=669"}],"curies":[{"name":"wp","href":"https:\/\/api.w.org\/{rel}","templated":true}]}}